{"id":515,"date":"2016-07-12T09:22:32","date_gmt":"2016-07-12T09:22:32","guid":{"rendered":"http:\/\/cursadebombers.barcelona\/es\/la-cursa\/recorregut\/"},"modified":"2026-01-29T14:57:56","modified_gmt":"2026-01-29T14:57:56","slug":"recorrido","status":"publish","type":"page","link":"https:\/\/cursadebombers.barcelona\/es\/la-cursa\/recorrido\/","title":{"rendered":"Recorrido"},"content":{"rendered":"<p>[et_pb_section fb_built=\u00bb1&#8243; fullwidth=\u00bbon\u00bb _builder_version=\u00bb4.23.1&#8243; background_color=\u00bb#ffffff\u00bb background_image=\u00bbhttps:\/\/cursadebombers.barcelona\/wp-content\/uploads\/2024\/04\/FONDO_1712x250px.jpg\u00bb global_colors_info=\u00bb{}\u00bb][et_pb_fullwidth_header title=\u00bbRECORRIDO VUELING CURSA BOMBERS BARCELONA\u00bb text_orientation=\u00bbcenter\u00bb _builder_version=\u00bb4.23.1&#8243; background_color=\u00bbrgba(255, 255, 255, 0)\u00bb max_width_tablet=\u00bb50px\u00bb global_colors_info=\u00bb{}\u00bb button_one_text_size__hover_enabled=\u00bboff\u00bb button_one_text_size__hover=\u00bbnull\u00bb button_two_text_size__hover_enabled=\u00bboff\u00bb button_two_text_size__hover=\u00bbnull\u00bb button_one_text_color__hover_enabled=\u00bboff\u00bb button_one_text_color__hover=\u00bbnull\u00bb button_two_text_color__hover_enabled=\u00bboff\u00bb button_two_text_color__hover=\u00bbnull\u00bb button_one_border_width__hover_enabled=\u00bboff\u00bb button_one_border_width__hover=\u00bbnull\u00bb button_two_border_width__hover_enabled=\u00bboff\u00bb button_two_border_width__hover=\u00bbnull\u00bb button_one_border_color__hover_enabled=\u00bboff\u00bb button_one_border_color__hover=\u00bbnull\u00bb button_two_border_color__hover_enabled=\u00bboff\u00bb button_two_border_color__hover=\u00bbnull\u00bb button_one_border_radius__hover_enabled=\u00bboff\u00bb button_one_border_radius__hover=\u00bbnull\u00bb button_two_border_radius__hover_enabled=\u00bboff\u00bb button_two_border_radius__hover=\u00bbnull\u00bb button_one_letter_spacing__hover_enabled=\u00bbon\u00bb button_one_letter_spacing__hover=\u00bb0&#8243; button_two_letter_spacing__hover_enabled=\u00bbon\u00bb button_two_letter_spacing__hover=\u00bb0&#8243; button_one_bg_color__hover_enabled=\u00bboff\u00bb button_one_bg_color__hover=\u00bbnull\u00bb button_two_bg_color__hover_enabled=\u00bboff\u00bb button_two_bg_color__hover=\u00bbnull\u00bb][\/et_pb_fullwidth_header][\/et_pb_section][et_pb_section fb_built=\u00bb1&#8243; _builder_version=\u00bb4.16&#8243; global_colors_info=\u00bb{}\u00bb][et_pb_row _builder_version=\u00bb4.16&#8243; background_size=\u00bbinitial\u00bb background_position=\u00bbtop_left\u00bb background_repeat=\u00bbrepeat\u00bb global_colors_info=\u00bb{}\u00bb][et_pb_column type=\u00bb4_4&#8243; _builder_version=\u00bb4.16&#8243; custom_padding=\u00bb|||\u00bb global_colors_info=\u00bb{}\u00bb custom_padding__hover=\u00bb|||\u00bb][et_pb_image src=\u00bbhttps:\/\/cursadebombers.barcelona\/wp-content\/uploads\/2025\/11\/Recorregut_1920x1080-1.png\u00bb alt=\u00bbrecorregut vueling cursa bombers barcelona\u00bb title_text=\u00bbRecorregut_1920x1080 (1)\u00bb align=\u00bbcenter\u00bb disabled_on=\u00bboff|off|off\u00bb _builder_version=\u00bb4.27.4&#8243; _module_preset=\u00bbdefault\u00bb hover_enabled=\u00bb0&#8243; global_colors_info=\u00bb{}\u00bb sticky_enabled=\u00bb0&#8243;][\/et_pb_image][et_pb_text _builder_version=\u00bb4.27.0&#8243; _module_preset=\u00bbdefault\u00bb global_colors_info=\u00bb{}\u00bb]<\/p>\n<h3><strong>Recorrido de la Vueling Cursa Bombers Barcelona\u00a0<\/strong><\/h3>\n<p>En 2025 volvi\u00f3 la Via Laietana y tambi\u00e9n la salida y la llegada a la Avinguda Marqu\u00e8s de l&#8217;Argentera al recorrido de la cursa! Un recorrido\u00a0 r\u00e1pido, din\u00e1mico y perfecto para mejorar mejor marca personal en una carrera 10k. El circuito de la Vueling Cursa Bombers Barcelona recorre algunas de las principales calles de la ciudad creando una experiencia \u00fanica y muy especial para el corredor.<\/p>\n<p>Calles principales que recorre la carrera:<\/p>\n<ul>\n<li>Gran V\u00eda de les Corts Catalanes.<\/li>\n<li>Avinguda del Paral\u00b7lel.<\/li>\n<li>Passeig de Colon.<\/li>\n<li>Passeig de Sant Joan.<\/li>\n<li>Carrer Casp.<\/li>\n<li>Via Laietana.<\/li>\n<li>Avinguda Marqu\u00e8s de l\u2019Argentera.<\/li>\n<\/ul>\n<p>&nbsp;<\/p>\n<h2><span style=\"color: #ff0000;\"><strong>Hora y punto de salida:<\/strong><\/span><\/h2>\n<h2>8:50h \/ Avinguda Marqu\u00e8s de l&#8217;Argentera.<\/h2>\n<p>[\/et_pb_text][\/et_pb_column][\/et_pb_row][et_pb_row column_structure=\u00bb1_3,1_3,1_3&#8243; disabled_on=\u00bboff|off|off\u00bb _builder_version=\u00bb4.16&#8243; background_size=\u00bbinitial\u00bb background_position=\u00bbtop_left\u00bb background_repeat=\u00bbrepeat\u00bb global_colors_info=\u00bb{}\u00bb][et_pb_column type=\u00bb1_3&#8243; _builder_version=\u00bb4.16&#8243; custom_padding=\u00bb|||\u00bb global_colors_info=\u00bb{}\u00bb custom_padding__hover=\u00bb|||\u00bb][et_pb_text _builder_version=\u00bb4.16&#8243; background_size=\u00bbinitial\u00bb background_position=\u00bbtop_left\u00bb background_repeat=\u00bbrepeat\u00bb use_border_color=\u00bboff\u00bb border_color=\u00bb#ffffff\u00bb border_style=\u00bbsolid\u00bb global_colors_info=\u00bb{}\u00bb]<\/p>\n<p><img loading=\"lazy\" decoding=\"async\" class=\"alignnone wp-image-1506 aligncenter\" src=\"https:\/\/cursadebombers.barcelona\/wp-content\/uploads\/2016\/07\/metro-300x204.jpg\" alt=\"\" width=\"104\" height=\"71\" srcset=\"https:\/\/cursadebombers.barcelona\/wp-content\/uploads\/2016\/07\/metro-300x204.jpg 300w, https:\/\/cursadebombers.barcelona\/wp-content\/uploads\/2016\/07\/metro.jpg 587w\" sizes=\"(max-width: 104px) 100vw, 104px\" \/><\/p>\n<p style=\"text-align: center;\">L1: Arc de Triomf<\/p>\n<p style=\"text-align: center;\">L4: Barceloneta<\/p>\n<p style=\"text-align: center;\">\n<p style=\"text-align: center;\">\n<p>[\/et_pb_text][\/et_pb_column][et_pb_column type=\u00bb1_3&#8243; _builder_version=\u00bb4.16&#8243; custom_padding=\u00bb|||\u00bb global_colors_info=\u00bb{}\u00bb custom_padding__hover=\u00bb|||\u00bb][et_pb_text _builder_version=\u00bb4.16&#8243; background_size=\u00bbinitial\u00bb background_position=\u00bbtop_left\u00bb background_repeat=\u00bbrepeat\u00bb use_border_color=\u00bboff\u00bb border_color=\u00bb#ffffff\u00bb border_style=\u00bbsolid\u00bb global_colors_info=\u00bb{}\u00bb]<\/p>\n<p><img loading=\"lazy\" decoding=\"async\" class=\"alignnone wp-image-1507 aligncenter\" src=\"https:\/\/cursadebombers.barcelona\/wp-content\/uploads\/2016\/07\/bus.png\" alt=\"\" width=\"62\" height=\"68\" \/><\/p>\n<p class=\"p1\" style=\"text-align: center;\">\n<div>\n<h1 class=\"DUwDvf lfPIob\" style=\"text-align: center;\">Parc de la Ciutadella &#8211; Princesa<span class=\"G0bp3e\"><\/span><\/h1>\n<p><span style=\"font-size: large;\">47 \/ H14 \/ N8 \/ N12 \/ N28 \/ V15 \/ V17 \/ V19<\/span><\/p>\n<p style=\"text-align: center;\">\n<p>&nbsp;<\/p>\n<p>&nbsp;<\/p>\n<\/div>\n<p>[\/et_pb_text][\/et_pb_column][et_pb_column type=\u00bb1_3&#8243; _builder_version=\u00bb4.16&#8243; custom_padding=\u00bb|||\u00bb global_colors_info=\u00bb{}\u00bb custom_padding__hover=\u00bb|||\u00bb][et_pb_text _builder_version=\u00bb4.16&#8243; text_font_size=\u00bb20px\u00bb text_letter_spacing=\u00bb1px\u00bb background_size=\u00bbinitial\u00bb background_position=\u00bbtop_left\u00bb background_repeat=\u00bbrepeat\u00bb use_border_color=\u00bboff\u00bb border_color=\u00bb#ffffff\u00bb border_style=\u00bbsolid\u00bb global_colors_info=\u00bb{}\u00bb]<\/p>\n<p><img loading=\"lazy\" decoding=\"async\" class=\"alignnone wp-image-1508 aligncenter\" src=\"https:\/\/cursadebombers.barcelona\/wp-content\/uploads\/2016\/07\/logo-coche.jpg\" alt=\"\" width=\"74\" height=\"63\" \/><\/p>\n<p class=\"p1\" style=\"text-align: center;\">Saba aparcamientos<br \/>Passeig de Llu\u00eds Companys,<br \/>12, 08018 Barcelona<\/p>\n<p class=\"p1\" style=\"text-align: center;\">[\/et_pb_text][\/et_pb_column][\/et_pb_row][\/et_pb_section]<\/p>\n","protected":false},"excerpt":{"rendered":"<p>Recorrido de la Vueling Cursa Bombers Barcelona\u00a0 En 2025 volvi\u00f3 la Via Laietana y tambi\u00e9n la salida y la llegada a la Avinguda Marqu\u00e8s de l&#8217;Argentera al recorrido de la cursa! Un recorrido\u00a0 r\u00e1pido, din\u00e1mico y perfecto para mejorar mejor marca personal en una carrera 10k. El circuito de la Vueling Cursa Bombers Barcelona recorre [&hellip;]<\/p>\n","protected":false},"author":1,"featured_media":0,"parent":507,"menu_order":0,"comment_status":"closed","ping_status":"closed","template":"","meta":{"_et_pb_use_builder":"on","_et_pb_old_content":"","_et_gb_content_width":"","footnotes":""},"class_list":["post-515","page","type-page","status-publish","hentry"],"yoast_head":"<!-- This site is optimized with the Yoast SEO plugin v27.2 - https:\/\/yoast.com\/product\/yoast-seo-wordpress\/ -->\n<title>Recorrido de la Vueling Cursa Bombers Barcelona 2024<\/title>\n<meta name=\"description\" content=\"Mapa del recorrido de los 10 quil\u00f3metros de la 25\u00aa edici\u00f3n de la Vueling Cursa Bombers Barcelona que se celebrar\u00e1 el domingo 10 de noviembre de 2024.\" \/>\n<meta name=\"robots\" content=\"index, follow, max-snippet:-1, max-image-preview:large, max-video-preview:-1\" \/>\n<link rel=\"canonical\" href=\"https:\/\/cursadebombers.barcelona\/es\/la-cursa\/recorrido\/\" \/>\n<meta property=\"og:locale\" content=\"es_ES\" \/>\n<meta property=\"og:type\" content=\"article\" \/>\n<meta property=\"og:title\" content=\"Recorrido de la Vueling Cursa Bombers Barcelona 2024\" \/>\n<meta property=\"og:description\" content=\"Mapa del recorrido de los 10 quil\u00f3metros de la 25\u00aa edici\u00f3n de la Vueling Cursa Bombers Barcelona que se celebrar\u00e1 el domingo 10 de noviembre de 2024.\" \/>\n<meta property=\"og:url\" content=\"https:\/\/cursadebombers.barcelona\/es\/la-cursa\/recorrido\/\" \/>\n<meta property=\"og:site_name\" content=\"Cursa de Bombers\" \/>\n<meta property=\"article:publisher\" content=\"https:\/\/www.facebook.com\/CursadeBombers\/\" \/>\n<meta property=\"article:modified_time\" content=\"2026-01-29T14:57:56+00:00\" \/>\n<meta property=\"og:image\" content=\"https:\/\/cursadebombers.barcelona\/wp-content\/uploads\/2016\/07\/metro-300x204.jpg\" \/>\n<meta name=\"twitter:card\" content=\"summary_large_image\" \/>\n<meta name=\"twitter:site\" content=\"@cursadebombers\" \/>\n<meta name=\"twitter:label1\" content=\"Tiempo de lectura\" \/>\n\t<meta name=\"twitter:data1\" content=\"2 minutos\" \/>\n<script type=\"application\/ld+json\" class=\"yoast-schema-graph\">{\"@context\":\"https:\/\/schema.org\",\"@graph\":[{\"@type\":\"WebPage\",\"@id\":\"https:\/\/cursadebombers.barcelona\/es\/la-cursa\/recorrido\/\",\"url\":\"https:\/\/cursadebombers.barcelona\/es\/la-cursa\/recorrido\/\",\"name\":\"Recorrido de la Vueling Cursa Bombers Barcelona 2024\",\"isPartOf\":{\"@id\":\"https:\/\/cursadebombers.barcelona\/#website\"},\"primaryImageOfPage\":{\"@id\":\"https:\/\/cursadebombers.barcelona\/es\/la-cursa\/recorrido\/#primaryimage\"},\"image\":{\"@id\":\"https:\/\/cursadebombers.barcelona\/es\/la-cursa\/recorrido\/#primaryimage\"},\"thumbnailUrl\":\"https:\/\/cursadebombers.barcelona\/wp-content\/uploads\/2016\/07\/metro-300x204.jpg\",\"datePublished\":\"2016-07-12T09:22:32+00:00\",\"dateModified\":\"2026-01-29T14:57:56+00:00\",\"description\":\"Mapa del recorrido de los 10 quil\u00f3metros de la 25\u00aa edici\u00f3n de la Vueling Cursa Bombers Barcelona que se celebrar\u00e1 el domingo 10 de noviembre de 2024.\",\"breadcrumb\":{\"@id\":\"https:\/\/cursadebombers.barcelona\/es\/la-cursa\/recorrido\/#breadcrumb\"},\"inLanguage\":\"es\",\"potentialAction\":[{\"@type\":\"ReadAction\",\"target\":[\"https:\/\/cursadebombers.barcelona\/es\/la-cursa\/recorrido\/\"]}]},{\"@type\":\"ImageObject\",\"inLanguage\":\"es\",\"@id\":\"https:\/\/cursadebombers.barcelona\/es\/la-cursa\/recorrido\/#primaryimage\",\"url\":\"https:\/\/cursadebombers.barcelona\/wp-content\/uploads\/2016\/07\/metro-300x204.jpg\",\"contentUrl\":\"https:\/\/cursadebombers.barcelona\/wp-content\/uploads\/2016\/07\/metro-300x204.jpg\"},{\"@type\":\"BreadcrumbList\",\"@id\":\"https:\/\/cursadebombers.barcelona\/es\/la-cursa\/recorrido\/#breadcrumb\",\"itemListElement\":[{\"@type\":\"ListItem\",\"position\":1,\"name\":\"Inici\",\"item\":\"https:\/\/cursadebombers.barcelona\/\"},{\"@type\":\"ListItem\",\"position\":2,\"name\":\"La Cursa\",\"item\":\"https:\/\/cursadebombers.barcelona\/es\/la-cursa\/\"},{\"@type\":\"ListItem\",\"position\":3,\"name\":\"Recorrido\"}]},{\"@type\":\"WebSite\",\"@id\":\"https:\/\/cursadebombers.barcelona\/#website\",\"url\":\"https:\/\/cursadebombers.barcelona\/\",\"name\":\"Cursa de Bombers\",\"description\":\"La Cursa dels Bombers de Barcelona.\",\"publisher\":{\"@id\":\"https:\/\/cursadebombers.barcelona\/#organization\"},\"potentialAction\":[{\"@type\":\"SearchAction\",\"target\":{\"@type\":\"EntryPoint\",\"urlTemplate\":\"https:\/\/cursadebombers.barcelona\/?s={search_term_string}\"},\"query-input\":{\"@type\":\"PropertyValueSpecification\",\"valueRequired\":true,\"valueName\":\"search_term_string\"}}],\"inLanguage\":\"es\"},{\"@type\":\"Organization\",\"@id\":\"https:\/\/cursadebombers.barcelona\/#organization\",\"name\":\"Cursa de Bombers\",\"url\":\"https:\/\/cursadebombers.barcelona\/\",\"logo\":{\"@type\":\"ImageObject\",\"inLanguage\":\"es\",\"@id\":\"https:\/\/cursadebombers.barcelona\/#\/schema\/logo\/image\/\",\"url\":\"https:\/\/cursadebombers.barcelona\/wp-content\/uploads\/2025\/06\/logo-cursa-bombers-app.png\",\"contentUrl\":\"https:\/\/cursadebombers.barcelona\/wp-content\/uploads\/2025\/06\/logo-cursa-bombers-app.png\",\"width\":512,\"height\":512,\"caption\":\"Cursa de Bombers\"},\"image\":{\"@id\":\"https:\/\/cursadebombers.barcelona\/#\/schema\/logo\/image\/\"},\"sameAs\":[\"https:\/\/www.facebook.com\/CursadeBombers\/\",\"https:\/\/x.com\/cursadebombers\",\"https:\/\/www.instagram.com\/cursadebombers\/\"]}]}<\/script>\n<!-- \/ Yoast SEO plugin. -->","yoast_head_json":{"title":"Recorrido de la Vueling Cursa Bombers Barcelona 2024","description":"Mapa del recorrido de los 10 quil\u00f3metros de la 25\u00aa edici\u00f3n de la Vueling Cursa Bombers Barcelona que se celebrar\u00e1 el domingo 10 de noviembre de 2024.","robots":{"index":"index","follow":"follow","max-snippet":"max-snippet:-1","max-image-preview":"max-image-preview:large","max-video-preview":"max-video-preview:-1"},"canonical":"https:\/\/cursadebombers.barcelona\/es\/la-cursa\/recorrido\/","og_locale":"es_ES","og_type":"article","og_title":"Recorrido de la Vueling Cursa Bombers Barcelona 2024","og_description":"Mapa del recorrido de los 10 quil\u00f3metros de la 25\u00aa edici\u00f3n de la Vueling Cursa Bombers Barcelona que se celebrar\u00e1 el domingo 10 de noviembre de 2024.","og_url":"https:\/\/cursadebombers.barcelona\/es\/la-cursa\/recorrido\/","og_site_name":"Cursa de Bombers","article_publisher":"https:\/\/www.facebook.com\/CursadeBombers\/","article_modified_time":"2026-01-29T14:57:56+00:00","og_image":[{"url":"https:\/\/cursadebombers.barcelona\/wp-content\/uploads\/2016\/07\/metro-300x204.jpg","type":"","width":"","height":""}],"twitter_card":"summary_large_image","twitter_site":"@cursadebombers","twitter_misc":{"Tiempo de lectura":"2 minutos"},"schema":{"@context":"https:\/\/schema.org","@graph":[{"@type":"WebPage","@id":"https:\/\/cursadebombers.barcelona\/es\/la-cursa\/recorrido\/","url":"https:\/\/cursadebombers.barcelona\/es\/la-cursa\/recorrido\/","name":"Recorrido de la Vueling Cursa Bombers Barcelona 2024","isPartOf":{"@id":"https:\/\/cursadebombers.barcelona\/#website"},"primaryImageOfPage":{"@id":"https:\/\/cursadebombers.barcelona\/es\/la-cursa\/recorrido\/#primaryimage"},"image":{"@id":"https:\/\/cursadebombers.barcelona\/es\/la-cursa\/recorrido\/#primaryimage"},"thumbnailUrl":"https:\/\/cursadebombers.barcelona\/wp-content\/uploads\/2016\/07\/metro-300x204.jpg","datePublished":"2016-07-12T09:22:32+00:00","dateModified":"2026-01-29T14:57:56+00:00","description":"Mapa del recorrido de los 10 quil\u00f3metros de la 25\u00aa edici\u00f3n de la Vueling Cursa Bombers Barcelona que se celebrar\u00e1 el domingo 10 de noviembre de 2024.","breadcrumb":{"@id":"https:\/\/cursadebombers.barcelona\/es\/la-cursa\/recorrido\/#breadcrumb"},"inLanguage":"es","potentialAction":[{"@type":"ReadAction","target":["https:\/\/cursadebombers.barcelona\/es\/la-cursa\/recorrido\/"]}]},{"@type":"ImageObject","inLanguage":"es","@id":"https:\/\/cursadebombers.barcelona\/es\/la-cursa\/recorrido\/#primaryimage","url":"https:\/\/cursadebombers.barcelona\/wp-content\/uploads\/2016\/07\/metro-300x204.jpg","contentUrl":"https:\/\/cursadebombers.barcelona\/wp-content\/uploads\/2016\/07\/metro-300x204.jpg"},{"@type":"BreadcrumbList","@id":"https:\/\/cursadebombers.barcelona\/es\/la-cursa\/recorrido\/#breadcrumb","itemListElement":[{"@type":"ListItem","position":1,"name":"Inici","item":"https:\/\/cursadebombers.barcelona\/"},{"@type":"ListItem","position":2,"name":"La Cursa","item":"https:\/\/cursadebombers.barcelona\/es\/la-cursa\/"},{"@type":"ListItem","position":3,"name":"Recorrido"}]},{"@type":"WebSite","@id":"https:\/\/cursadebombers.barcelona\/#website","url":"https:\/\/cursadebombers.barcelona\/","name":"Cursa de Bombers","description":"La Cursa dels Bombers de Barcelona.","publisher":{"@id":"https:\/\/cursadebombers.barcelona\/#organization"},"potentialAction":[{"@type":"SearchAction","target":{"@type":"EntryPoint","urlTemplate":"https:\/\/cursadebombers.barcelona\/?s={search_term_string}"},"query-input":{"@type":"PropertyValueSpecification","valueRequired":true,"valueName":"search_term_string"}}],"inLanguage":"es"},{"@type":"Organization","@id":"https:\/\/cursadebombers.barcelona\/#organization","name":"Cursa de Bombers","url":"https:\/\/cursadebombers.barcelona\/","logo":{"@type":"ImageObject","inLanguage":"es","@id":"https:\/\/cursadebombers.barcelona\/#\/schema\/logo\/image\/","url":"https:\/\/cursadebombers.barcelona\/wp-content\/uploads\/2025\/06\/logo-cursa-bombers-app.png","contentUrl":"https:\/\/cursadebombers.barcelona\/wp-content\/uploads\/2025\/06\/logo-cursa-bombers-app.png","width":512,"height":512,"caption":"Cursa de Bombers"},"image":{"@id":"https:\/\/cursadebombers.barcelona\/#\/schema\/logo\/image\/"},"sameAs":["https:\/\/www.facebook.com\/CursadeBombers\/","https:\/\/x.com\/cursadebombers","https:\/\/www.instagram.com\/cursadebombers\/"]}]}},"_links":{"self":[{"href":"https:\/\/cursadebombers.barcelona\/es\/wp-json\/wp\/v2\/pages\/515","targetHints":{"allow":["GET"]}}],"collection":[{"href":"https:\/\/cursadebombers.barcelona\/es\/wp-json\/wp\/v2\/pages"}],"about":[{"href":"https:\/\/cursadebombers.barcelona\/es\/wp-json\/wp\/v2\/types\/page"}],"author":[{"embeddable":true,"href":"https:\/\/cursadebombers.barcelona\/es\/wp-json\/wp\/v2\/users\/1"}],"replies":[{"embeddable":true,"href":"https:\/\/cursadebombers.barcelona\/es\/wp-json\/wp\/v2\/comments?post=515"}],"version-history":[{"count":9,"href":"https:\/\/cursadebombers.barcelona\/es\/wp-json\/wp\/v2\/pages\/515\/revisions"}],"predecessor-version":[{"id":16254,"href":"https:\/\/cursadebombers.barcelona\/es\/wp-json\/wp\/v2\/pages\/515\/revisions\/16254"}],"up":[{"embeddable":true,"href":"https:\/\/cursadebombers.barcelona\/es\/wp-json\/wp\/v2\/pages\/507"}],"wp:attachment":[{"href":"https:\/\/cursadebombers.barcelona\/es\/wp-json\/wp\/v2\/media?parent=515"}],"curies":[{"name":"wp","href":"https:\/\/api.w.org\/{rel}","templated":true}]}}