{"id":1799,"date":"2018-03-07T16:02:37","date_gmt":"2018-03-07T16:02:37","guid":{"rendered":"http:\/\/cursadebombers.barcelona\/?page_id=1799"},"modified":"2019-10-21T08:05:16","modified_gmt":"2019-10-21T08:05:16","slug":"quieres-liebre-cursa-bombers-2019","status":"publish","type":"page","link":"https:\/\/cursadebombers.barcelona\/es\/quieres-liebre-cursa-bombers-2019\/","title":{"rendered":"\u00bfQuieres ser una liebre de la Cursa Bombers 2019?"},"content":{"rendered":"<p>[et_pb_section fb_built=\u00bb1&#8243; fullwidth=\u00bbon\u00bb _builder_version=\u00bb3.29.2&#8243; locked=\u00bboff\u00bb fb_built=\u00bb1&#8243; bb_built=\u00bb1&#8243; _i=\u00bb0&#8243; _address=\u00bb0&#8243;][et_pb_fullwidth_header title=\u00bb\u00bfQuieres ser una liebre de la Cursa Bombers 2019?\u00bb text_orientation=\u00bbcenter\u00bb _builder_version=\u00bb3.29.2&#8243; background_color=\u00bbrgba(255, 255, 255, 0)\u00bb background_image=\u00bbhttp:\/\/cursadebombers.barcelona\/wp-content\/uploads\/2018\/12\/header-1.jpg\u00bb max_width_tablet=\u00bb50px\u00bb _i=\u00bb0&#8243; _address=\u00bb0.0&#8243; button_one_text_size__hover_enabled=\u00bboff\u00bb button_two_text_size__hover_enabled=\u00bboff\u00bb button_one_text_color__hover_enabled=\u00bboff\u00bb button_two_text_color__hover_enabled=\u00bboff\u00bb button_one_border_width__hover_enabled=\u00bboff\u00bb button_two_border_width__hover_enabled=\u00bboff\u00bb button_one_border_color__hover_enabled=\u00bboff\u00bb button_two_border_color__hover_enabled=\u00bboff\u00bb button_one_border_radius__hover_enabled=\u00bboff\u00bb button_two_border_radius__hover_enabled=\u00bboff\u00bb button_one_letter_spacing__hover_enabled=\u00bboff\u00bb button_two_letter_spacing__hover_enabled=\u00bboff\u00bb button_one_bg_color__hover_enabled=\u00bboff\u00bb button_two_bg_color__hover_enabled=\u00bboff\u00bb][\/et_pb_fullwidth_header][\/et_pb_section][et_pb_section fb_built=\u00bb1&#8243; admin_label=\u00bbsection\u00bb _builder_version=\u00bb3.22&#8243; locked=\u00bboff\u00bb fb_built=\u00bb1&#8243; bb_built=\u00bb1&#8243; _i=\u00bb1&#8243; _address=\u00bb1&#8243;][et_pb_row disabled_on=\u00bboff|off|off\u00bb admin_label=\u00bbrow\u00bb _builder_version=\u00bb3.25&#8243; background_size=\u00bbinitial\u00bb background_position=\u00bbtop_left\u00bb background_repeat=\u00bbrepeat\u00bb _i=\u00bb0&#8243; _address=\u00bb1.0&#8243;][et_pb_column type=\u00bb4_4&#8243; _builder_version=\u00bb3.25&#8243; custom_padding=\u00bb|||\u00bb _i=\u00bb0&#8243; _address=\u00bb1.0.0&#8243; custom_padding__hover=\u00bb|||\u00bb][et_pb_code _builder_version=\u00bb3.29.2&#8243; hover_enabled=\u00bb0&#8243; _i=\u00bb0&#8243; _address=\u00bb1.0.0.0&#8243;][\/et_pb_code][\/et_pb_column][\/et_pb_row][\/et_pb_section][et_pb_section fb_built=\u00bb1&#8243; fullwidth=\u00bbon\u00bb disabled_on=\u00bbon|on|on\u00bb admin_label=\u00bbSection\u00bb _builder_version=\u00bb3.22&#8243; disabled=\u00bbon\u00bb collapsed=\u00bbon\u00bb fb_built=\u00bb1&#8243; bb_built=\u00bb1&#8243; _i=\u00bb2&#8243; _address=\u00bb2&#8243;][et_pb_fullwidth_image src=\u00bbhttp:\/\/cursadebombers.barcelona\/wp-content\/uploads\/2019\/02\/Header-Cursa-bombers.jpg\u00bb disabled_on=\u00bbon||\u00bb admin_label=\u00bbHeader sortida desk\u00bb _builder_version=\u00bb3.19.12&#8243; _i=\u00bb0&#8243; _address=\u00bb2.0&#8243;][\/et_pb_fullwidth_image][et_pb_fullwidth_image src=\u00bbhttp:\/\/cursadebombers.barcelona\/wp-content\/uploads\/2019\/02\/header-movil.jpg\u00bb disabled_on=\u00bboff|on|on\u00bb admin_label=\u00bbHeader sortida mobile\u00bb _builder_version=\u00bb3.19.12&#8243; _i=\u00bb1&#8243; _address=\u00bb2.1&#8243;][\/et_pb_fullwidth_image][\/et_pb_section][et_pb_section fb_built=\u00bb1&#8243; disabled_on=\u00bbon|on|on\u00bb _builder_version=\u00bb3.22&#8243; background_color=\u00bb#ffffff\u00bb disabled=\u00bbon\u00bb collapsed=\u00bbon\u00bb fb_built=\u00bb1&#8243; bb_built=\u00bb1&#8243; _i=\u00bb3&#8243; _address=\u00bb3&#8243;][et_pb_row _builder_version=\u00bb3.25&#8243; _i=\u00bb0&#8243; _address=\u00bb3.0&#8243;][et_pb_column type=\u00bb4_4&#8243; _builder_version=\u00bb3.0.47&#8243; custom_padding=\u00bb|||\u00bb custom_padding__hover=\u00bb|||\u00bb _i=\u00bb0&#8243; _address=\u00bb3.0.0&#8243;][et_pb_button button_url=\u00bbhttps:\/\/xipgroc.cat\/ca\/curses\/Bombers2019\/10k\/inscripcio\/run\u00bb url_new_window=\u00bbon\u00bb button_text=\u00bbINSCRIU-T&#8217;HI ARA!\u00bb button_alignment=\u00bbcenter\u00bb _builder_version=\u00bb3.17.6&#8243; _i=\u00bb0&#8243; _address=\u00bb3.0.0.0&#8243;][\/et_pb_button][\/et_pb_column][\/et_pb_row][\/et_pb_section][et_pb_section fb_built=\u00bb1&#8243; disabled_on=\u00bbon|on|on\u00bb admin_label=\u00bbSection\u00bb _builder_version=\u00bb3.22&#8243; custom_margin=\u00bb-100px|||\u00bb disabled=\u00bbon\u00bb collapsed=\u00bbon\u00bb fb_built=\u00bb1&#8243; bb_built=\u00bb1&#8243; _i=\u00bb4&#8243; _address=\u00bb4&#8243;][et_pb_row _builder_version=\u00bb3.25&#8243; background_size=\u00bbinitial\u00bb background_position=\u00bbtop_left\u00bb background_repeat=\u00bbrepeat\u00bb _i=\u00bb0&#8243; _address=\u00bb4.0&#8243;][et_pb_column type=\u00bb4_4&#8243; _builder_version=\u00bb3.0.47&#8243; custom_padding=\u00bb|||\u00bb custom_padding__hover=\u00bb|||\u00bb _i=\u00bb0&#8243; _address=\u00bb4.0.0&#8243;][et_pb_text _builder_version=\u00bb3.27.4&#8243; width=\u00bb80%\u00bb max_width=\u00bb1080px\u00bb _i=\u00bb0&#8243; _address=\u00bb4.0.0.0&#8243;]<\/p>\n<h3 style=\"text-align: center;\"><strong>\u00daLTIMES NOT\u00cdCIES<\/strong><\/h3>\n<p>[\/et_pb_text][et_pb_blog fullwidth=\u00bboff\u00bb posts_number=\u00bb3&#8243; include_categories=\u00bb2&#8243; show_more=\u00bbon\u00bb show_author=\u00bboff\u00bb show_categories=\u00bboff\u00bb show_pagination=\u00bboff\u00bb _builder_version=\u00bb3.17.6&#8243; _i=\u00bb1&#8243; _address=\u00bb4.0.0.1&#8243;][\/et_pb_blog][\/et_pb_column][\/et_pb_row][\/et_pb_section][et_pb_section fb_built=\u00bb1&#8243; disabled_on=\u00bbon|on|on\u00bb _builder_version=\u00bb3.22&#8243; disabled=\u00bbon\u00bb collapsed=\u00bbon\u00bb fb_built=\u00bb1&#8243; bb_built=\u00bb1&#8243; _i=\u00bb5&#8243; _address=\u00bb5&#8243;][et_pb_row _builder_version=\u00bb3.25&#8243; background_size=\u00bbinitial\u00bb background_position=\u00bbtop_left\u00bb background_repeat=\u00bbrepeat\u00bb _i=\u00bb0&#8243; _address=\u00bb5.0&#8243;][et_pb_column type=\u00bb4_4&#8243; _builder_version=\u00bb3.0.47&#8243; custom_padding=\u00bb|||\u00bb custom_padding__hover=\u00bb|||\u00bb _i=\u00bb0&#8243; _address=\u00bb5.0.0&#8243;][et_pb_image src=\u00bbhttp:\/\/cursadebombers.barcelona\/wp-content\/uploads\/2019\/09\/banner-sponsors.jpg\u00bb url=\u00bbhttp:\/\/cursadebombers.barcelona\/patrocinadors\/\u00bb align_tablet=\u00bbcenter\u00bb align_last_edited=\u00bbon|desktop\u00bb admin_label=\u00bbImage &#8211; patros\u00bb _builder_version=\u00bb3.27.4&#8243; z_index_tablet=\u00bb500&#8243; box_shadow_horizontal_tablet=\u00bb0px\u00bb box_shadow_vertical_tablet=\u00bb0px\u00bb box_shadow_blur_tablet=\u00bb40px\u00bb box_shadow_spread_tablet=\u00bb0px\u00bb _i=\u00bb0&#8243; _address=\u00bb5.0.0.0&#8243;][\/et_pb_image][\/et_pb_column][\/et_pb_row][\/et_pb_section][et_pb_section fb_built=\u00bb1&#8243; custom_padding_last_edited=\u00bbon|desktop\u00bb disabled_on=\u00bbon|on|on\u00bb admin_label=\u00bbSecci\u00f3n\u00bb _builder_version=\u00bb3.22&#8243; background_color=\u00bb#f2f2f2&#8243; custom_padding=\u00bb0px|0px|0px|0px\u00bb custom_padding_tablet=\u00bb50px|0|50px|0&#8243; transparent_background=\u00bboff\u00bb padding_mobile=\u00bboff\u00bb make_fullwidth=\u00bboff\u00bb use_custom_width=\u00bboff\u00bb width_unit=\u00bbon\u00bb disabled=\u00bbon\u00bb collapsed=\u00bbon\u00bb fb_built=\u00bb1&#8243; bb_built=\u00bb1&#8243; _i=\u00bb6&#8243; _address=\u00bb6&#8243;][et_pb_row column_structure=\u00bb1_2,1_2&#8243; padding_mobile=\u00bboff\u00bb column_padding_mobile=\u00bbon\u00bb admin_label=\u00bbFila\u00bb module_class=\u00bb et_pb_row_fullwidth\u00bb _builder_version=\u00bb3.25&#8243; background_size=\u00bbinitial\u00bb background_position=\u00bbtop_left\u00bb background_repeat=\u00bbrepeat\u00bb width=\u00bb89%\u00bb width_tablet=\u00bb80%\u00bb width_last_edited=\u00bbon|desktop\u00bb max_width=\u00bb89%\u00bb max_width_tablet=\u00bb80%\u00bb max_width_last_edited=\u00bbon|desktop\u00bb custom_margin=\u00bb0px|0px|0px|0px\u00bb custom_padding=\u00bb0px|0px|0px|0px\u00bb make_fullwidth=\u00bbon\u00bb use_custom_width=\u00bboff\u00bb width_unit=\u00bbon\u00bb _i=\u00bb0&#8243; _address=\u00bb6.0&#8243;][et_pb_column type=\u00bb1_2&#8243; _builder_version=\u00bb3.25&#8243; custom_padding=\u00bb|||\u00bb _i=\u00bb0&#8243; _address=\u00bb6.0.0&#8243; custom_padding__hover=\u00bb|||\u00bb][et_pb_text admin_label=\u00bbTexto\u00bb _builder_version=\u00bb3.27.4&#8243; text_font=\u00bb|on|||\u00bb text_text_color=\u00bb#f2f2f2&#8243; text_font_size=\u00bb40&#8243; background_color=\u00bb#000000&#8243; background_size=\u00bbinitial\u00bb background_position=\u00bbtop_left\u00bb background_repeat=\u00bbrepeat\u00bb custom_padding=\u00bb30px||3px|\u00bb use_border_color=\u00bboff\u00bb border_color=\u00bb#ffffff\u00bb border_style=\u00bbsolid\u00bb _i=\u00bb0&#8243; _address=\u00bb6.0.0.0&#8243;]<\/p>\n<p>\nLA CURSA<\/p>\n<p>[\/et_pb_text][et_pb_text admin_label=\u00bbTexto\u00bb _builder_version=\u00bb3.27.4&#8243; text_font_size=\u00bb13&#8243; text_line_height=\u00bb1.8em\u00bb background_size=\u00bbinitial\u00bb background_position=\u00bbtop_left\u00bb background_repeat=\u00bbrepeat\u00bb text_orientation=\u00bbcenter\u00bb module_alignment=\u00bbcenter\u00bb custom_margin=\u00bb0px|0px|0px|20px\u00bb custom_margin_phone=\u00bb10px|10px|10px|10px\u00bb custom_margin_last_edited=\u00bbon|phone\u00bb custom_padding=\u00bb5px|5px|5px|5px\u00bb use_border_color=\u00bboff\u00bb _i=\u00bb1&#8243; _address=\u00bb6.0.0.1&#8243;]<\/p>\n<h3 class=\"p1\"><b>Celebrem 20 anys de la runnerINN Cursa Bombers de Barcelona<\/b><\/h3>\n<p class=\"p1\">El 2018 tindrem una edici\u00f3 de la <strong>runnerINN<\/strong>\u00a0<strong>Cursa Bombers de Barcelona<\/strong> molt especial: f<strong>em 20 anys<\/strong>! Des del 1999, any rere any, els bombers de Barcelona han celebrat una gran festa d\u2019esport acompanyats de milers de ciutadans recorrent els principals carrers de la nostra ciutat.<\/p>\n<p class=\"p1\">En els seus 19 anys d\u2019hist\u00f2ria ha gaudit de molt\u00edssimes alegries, ha celebrat vict\u00f2ries, ha vist com els bombers han homenatjat alguns dels seus companys, milers de persones han creuat la l\u00ednia de meta assolint objectius o simplement ha vist somriure milers i milers de persones que es diverteixen compartint l\u2019esport amb els bombers de la nostra ciutat.<\/p>\n<p class=\"p1\">Aix\u00ed el proper <strong>diumenge 22 d\u2019abril 2018<\/strong>, us esperem a tots per celebrar els 20 anys amb la millor companyia possible: vosaltres i els bombers de Barcelona. Vine i sumem anys tots junts!<\/p>\n<p>&nbsp;<\/p>\n<p>[\/et_pb_text][\/et_pb_column][et_pb_column type=\u00bb1_2&#8243; _builder_version=\u00bb3.25&#8243; custom_padding=\u00bb|||\u00bb _i=\u00bb1&#8243; _address=\u00bb6.0.1&#8243; custom_padding__hover=\u00bb|||\u00bb][et_pb_image src=\u00bbhttp:\/\/cursadebombers.barcelona\/wp-content\/uploads\/2018\/03\/version_2.jpg\u00bb align=\u00bbright\u00bb force_fullwidth=\u00bbon\u00bb align_tablet=\u00bbcenter\u00bb align_last_edited=\u00bbon|desktop\u00bb disabled_on=\u00bbon||\u00bb admin_label=\u00bbImagen\u00bb _builder_version=\u00bb3.23&#8243; animation_style=\u00bbslide\u00bb animation_direction=\u00bbtop\u00bb animation_duration=\u00bb500ms\u00bb animation_intensity_slide=\u00bb10%\u00bb use_border_color=\u00bboff\u00bb always_center_on_mobile=\u00bbon\u00bb _i=\u00bb0&#8243; _address=\u00bb6.0.1.0&#8243;]<\/p>\n<p>\n&nbsp;<\/p>\n<p>[\/et_pb_image][\/et_pb_column][\/et_pb_row][\/et_pb_section][et_pb_section fb_built=\u00bb1&#8243; disabled_on=\u00bbon|on|on\u00bb _builder_version=\u00bb3.22&#8243; background_color=\u00bb#dbdbdb\u00bb custom_padding=\u00bb0px|0px|0px|0px\u00bb custom_padding_tablet=\u00bb0px|0px|0px|0px\u00bb transparent_background=\u00bboff\u00bb padding_mobile=\u00bbon\u00bb make_fullwidth=\u00bboff\u00bb use_custom_width=\u00bboff\u00bb width_unit=\u00bbon\u00bb disabled=\u00bbon\u00bb collapsed=\u00bbon\u00bb fb_built=\u00bb1&#8243; bb_built=\u00bb1&#8243; _i=\u00bb7&#8243; _address=\u00bb7&#8243;][et_pb_row padding_mobile=\u00bboff\u00bb column_padding_mobile=\u00bbon\u00bb _builder_version=\u00bb3.25&#8243; background_size=\u00bbinitial\u00bb background_position=\u00bbtop_left\u00bb background_repeat=\u00bbrepeat\u00bb custom_padding=\u00bb2px|0px|2px|0px\u00bb make_fullwidth=\u00bboff\u00bb use_custom_width=\u00bboff\u00bb width_unit=\u00bbon\u00bb _i=\u00bb0&#8243; _address=\u00bb7.0&#8243;][et_pb_column type=\u00bb4_4&#8243; _builder_version=\u00bb3.25&#8243; custom_padding=\u00bb|||\u00bb custom_padding__hover=\u00bb|||\u00bb _i=\u00bb0&#8243; _address=\u00bb7.0.0&#8243;][et_pb_divider show_divider=\u00bboff\u00bb disabled_on=\u00bbon|on|\u00bb _builder_version=\u00bb3.2&#8243; hide_on_mobile=\u00bbon\u00bb _i=\u00bb0&#8243; _address=\u00bb7.0.0.0&#8243;]<\/p>\n<p>\n&nbsp;<\/p>\n<p>[\/et_pb_divider][\/et_pb_column][\/et_pb_row][\/et_pb_section][et_pb_section fb_built=\u00bb1&#8243; custom_padding_last_edited=\u00bbon|desktop\u00bb disabled_on=\u00bbon|on|on\u00bb admin_label=\u00bbSecci\u00f3n\u00bb _builder_version=\u00bb3.22&#8243; background_color=\u00bb#ffffff\u00bb custom_padding=\u00bb0px|0px|0px|0px\u00bb custom_padding_tablet=\u00bb50px|0|50px|0&#8243; transparent_background=\u00bboff\u00bb padding_mobile=\u00bboff\u00bb make_fullwidth=\u00bboff\u00bb use_custom_width=\u00bboff\u00bb width_unit=\u00bbon\u00bb disabled=\u00bbon\u00bb collapsed=\u00bbon\u00bb fb_built=\u00bb1&#8243; bb_built=\u00bb1&#8243; _i=\u00bb8&#8243; _address=\u00bb8&#8243;][et_pb_row column_structure=\u00bb2_3,1_3&#8243; padding_mobile=\u00bboff\u00bb column_padding_mobile=\u00bbon\u00bb admin_label=\u00bbFila\u00bb module_class=\u00bb et_pb_row_fullwidth\u00bb _builder_version=\u00bb3.25&#8243; background_size=\u00bbinitial\u00bb background_position=\u00bbtop_left\u00bb background_repeat=\u00bbrepeat\u00bb width=\u00bb89%\u00bb width_tablet=\u00bb80%\u00bb width_last_edited=\u00bbon|desktop\u00bb max_width=\u00bb89%\u00bb max_width_tablet=\u00bb80%\u00bb max_width_last_edited=\u00bbon|desktop\u00bb custom_margin=\u00bb|0px||0px\u00bb custom_padding=\u00bb0px|0px|0px|0px\u00bb make_fullwidth=\u00bbon\u00bb use_custom_width=\u00bboff\u00bb width_unit=\u00bbon\u00bb _i=\u00bb0&#8243; _address=\u00bb8.0&#8243;][et_pb_column type=\u00bb2_3&#8243; _builder_version=\u00bb3.25&#8243; custom_padding=\u00bb|||\u00bb _i=\u00bb0&#8243; _address=\u00bb8.0.0&#8243; custom_padding__hover=\u00bb|||\u00bb][et_pb_image src=\u00bbhttp:\/\/cursadebombers.barcelona\/wp-content\/uploads\/2016\/07\/bomber.jpg\u00bb align_tablet=\u00bbcenter\u00bb align_last_edited=\u00bbon|desktop\u00bb disabled_on=\u00bbon||\u00bb admin_label=\u00bbImagen\u00bb _builder_version=\u00bb3.23&#8243; custom_margin=\u00bb0px|||\u00bb animation_style=\u00bbslide\u00bb animation_direction=\u00bbtop\u00bb animation_duration=\u00bb500ms\u00bb animation_intensity_slide=\u00bb10%\u00bb animation=\u00bbtop\u00bb use_border_color=\u00bboff\u00bb border_color=\u00bb#ffffff\u00bb border_style=\u00bbsolid\u00bb sticky=\u00bboff\u00bb always_center_on_mobile=\u00bbon\u00bb _i=\u00bb0&#8243; _address=\u00bb8.0.0.0&#8243;]<\/p>\n<p>\n&nbsp;<\/p>\n<p>[\/et_pb_image][\/et_pb_column][et_pb_column type=\u00bb1_3&#8243; _builder_version=\u00bb3.25&#8243; custom_padding=\u00bb|||\u00bb _i=\u00bb1&#8243; _address=\u00bb8.0.1&#8243; custom_padding__hover=\u00bb|||\u00bb][et_pb_text admin_label=\u00bbTexto\u00bb _builder_version=\u00bb3.27.4&#8243; text_font=\u00bb|on|||\u00bb text_text_color=\u00bb#ffffff\u00bb text_font_size=\u00bb40&#8243; background_color=\u00bb#000000&#8243; background_size=\u00bbinitial\u00bb background_position=\u00bbtop_left\u00bb background_repeat=\u00bbrepeat\u00bb text_orientation=\u00bbright\u00bb custom_margin=\u00bb|0px||\u00bb custom_padding=\u00bb30px|0px|3px|\u00bb use_border_color=\u00bboff\u00bb border_color=\u00bb#ffffff\u00bb border_style=\u00bbsolid\u00bb _i=\u00bb0&#8243; _address=\u00bb8.0.1.0&#8243;]<\/p>\n<p>\nELS BOMBERS<\/p>\n<p>[\/et_pb_text][et_pb_text admin_label=\u00bbTexto\u00bb _builder_version=\u00bb3.27.4&#8243; text_font_size=\u00bb13&#8243; text_line_height=\u00bb1.8em\u00bb background_size=\u00bbinitial\u00bb background_position=\u00bbtop_left\u00bb background_repeat=\u00bbrepeat\u00bb text_orientation=\u00bbcenter\u00bb module_alignment=\u00bbcenter\u00bb use_border_color=\u00bboff\u00bb border_color=\u00bb#ffffff\u00bb border_style=\u00bbsolid\u00bb _i=\u00bb1&#8243; _address=\u00bb8.0.1.1&#8243;]<\/p>\n<h3 class=\"p1\"><b>La gran festa dels Bombers de Barcelona<\/b><\/h3>\n<p class=\"p1\">L\u2019any 1999 els <strong>Bombers de Barcelona<\/strong> van encetar una etapa amb molt\u00edssima il\u00b7lusi\u00f3: la seva cursa. En aquella data el cos va tancar un acord amb una de les principals marques esportives a nivell mundial per a poder celebrar amb tots els ciutadans una jornada esportiva popular.<\/p>\n<p class=\"p1\">Any rere any, centenars de Bombers de la ciutat per\u00f2 tamb\u00e9 provinents d\u2019altres comarques, comunitats aut\u00f2nomes i fins i tot altres pa\u00efsos han compartit plegats d\u2019aquesta divertida prova. En la passada edici\u00f3 es va assolir el r\u00e8cord de bombers que hi van participar i gran part d\u2019ells, amb un m\u00e8rit extra: completant els 10km amb l\u2019equip d\u2019intervenci\u00f3.<\/p>\n<p class=\"p1\">La Cursa Bombers de Barcelona s\u2019ha convertit des dels seus inicis en un gran repte per a milers d\u2019atletes populars per\u00f2 tamb\u00e9 per als seus principals protagonistes. Per al proper <strong>22 d\u2019abril 2018<\/strong> s\u2019espera que centenars de bombers i unes 15.000 persones surtin de nou als carrers de Barcelona a gaudir plegats.<\/p>\n<p>&nbsp;<\/p>\n<p>[\/et_pb_text][\/et_pb_column][\/et_pb_row][\/et_pb_section]<\/p>\n","protected":false},"excerpt":{"rendered":"<p>\u00daLTIMES NOT\u00cdCIES LA CURSA Celebrem 20 anys de la runnerINN Cursa Bombers de Barcelona El 2018 tindrem una edici\u00f3 de la runnerINN\u00a0Cursa Bombers de Barcelona molt especial: fem 20 anys! Des del 1999, any rere any, els bombers de Barcelona han celebrat una gran festa d\u2019esport acompanyats de milers de ciutadans recorrent els principals carrers [&hellip;]<\/p>\n","protected":false},"author":1,"featured_media":0,"parent":0,"menu_order":0,"comment_status":"closed","ping_status":"closed","template":"","meta":{"_et_pb_use_builder":"on","_et_pb_old_content":"","_et_gb_content_width":"","footnotes":""},"class_list":["post-1799","page","type-page","status-publish","hentry"],"yoast_head":"<!-- This site is optimized with the Yoast SEO plugin v27.2 - https:\/\/yoast.com\/product\/yoast-seo-wordpress\/ -->\n<title>\u00bfQuieres ser una liebre de la Cursa Bombers 2019? - Cursa de Bombers<\/title>\n<meta name=\"robots\" content=\"index, follow, max-snippet:-1, max-image-preview:large, max-video-preview:-1\" \/>\n<link rel=\"canonical\" href=\"https:\/\/cursadebombers.barcelona\/es\/quieres-liebre-cursa-bombers-2019\/\" \/>\n<meta property=\"og:locale\" content=\"es_ES\" \/>\n<meta property=\"og:type\" content=\"article\" \/>\n<meta property=\"og:title\" content=\"\u00bfQuieres ser una liebre de la Cursa Bombers 2019? - Cursa de Bombers\" \/>\n<meta property=\"og:description\" content=\"\u00daLTIMES NOT\u00cdCIES LA CURSA Celebrem 20 anys de la runnerINN Cursa Bombers de Barcelona El 2018 tindrem una edici\u00f3 de la runnerINN\u00a0Cursa Bombers de Barcelona molt especial: fem 20 anys! Des del 1999, any rere any, els bombers de Barcelona han celebrat una gran festa d\u2019esport acompanyats de milers de ciutadans recorrent els principals carrers [&hellip;]\" \/>\n<meta property=\"og:url\" content=\"https:\/\/cursadebombers.barcelona\/es\/quieres-liebre-cursa-bombers-2019\/\" \/>\n<meta property=\"og:site_name\" content=\"Cursa de Bombers\" \/>\n<meta property=\"article:publisher\" content=\"https:\/\/www.facebook.com\/CursadeBombers\/\" \/>\n<meta property=\"article:modified_time\" content=\"2019-10-21T08:05:16+00:00\" \/>\n<meta name=\"twitter:card\" content=\"summary_large_image\" \/>\n<meta name=\"twitter:site\" content=\"@cursadebombers\" \/>\n<meta name=\"twitter:label1\" content=\"Tiempo de lectura\" \/>\n\t<meta name=\"twitter:data1\" content=\"9 minutos\" \/>\n<script type=\"application\/ld+json\" class=\"yoast-schema-graph\">{\"@context\":\"https:\/\/schema.org\",\"@graph\":[{\"@type\":\"WebPage\",\"@id\":\"https:\/\/cursadebombers.barcelona\/es\/quieres-liebre-cursa-bombers-2019\/\",\"url\":\"https:\/\/cursadebombers.barcelona\/es\/quieres-liebre-cursa-bombers-2019\/\",\"name\":\"\u00bfQuieres ser una liebre de la Cursa Bombers 2019? - Cursa de Bombers\",\"isPartOf\":{\"@id\":\"https:\/\/cursadebombers.barcelona\/#website\"},\"datePublished\":\"2018-03-07T16:02:37+00:00\",\"dateModified\":\"2019-10-21T08:05:16+00:00\",\"breadcrumb\":{\"@id\":\"https:\/\/cursadebombers.barcelona\/es\/quieres-liebre-cursa-bombers-2019\/#breadcrumb\"},\"inLanguage\":\"es\",\"potentialAction\":[{\"@type\":\"ReadAction\",\"target\":[\"https:\/\/cursadebombers.barcelona\/es\/quieres-liebre-cursa-bombers-2019\/\"]}]},{\"@type\":\"BreadcrumbList\",\"@id\":\"https:\/\/cursadebombers.barcelona\/es\/quieres-liebre-cursa-bombers-2019\/#breadcrumb\",\"itemListElement\":[{\"@type\":\"ListItem\",\"position\":1,\"name\":\"Inici\",\"item\":\"https:\/\/cursadebombers.barcelona\/\"},{\"@type\":\"ListItem\",\"position\":2,\"name\":\"\u00bfQuieres ser una liebre de la Cursa Bombers 2019?\"}]},{\"@type\":\"WebSite\",\"@id\":\"https:\/\/cursadebombers.barcelona\/#website\",\"url\":\"https:\/\/cursadebombers.barcelona\/\",\"name\":\"Cursa de Bombers\",\"description\":\"La Cursa dels Bombers de Barcelona.\",\"publisher\":{\"@id\":\"https:\/\/cursadebombers.barcelona\/#organization\"},\"potentialAction\":[{\"@type\":\"SearchAction\",\"target\":{\"@type\":\"EntryPoint\",\"urlTemplate\":\"https:\/\/cursadebombers.barcelona\/?s={search_term_string}\"},\"query-input\":{\"@type\":\"PropertyValueSpecification\",\"valueRequired\":true,\"valueName\":\"search_term_string\"}}],\"inLanguage\":\"es\"},{\"@type\":\"Organization\",\"@id\":\"https:\/\/cursadebombers.barcelona\/#organization\",\"name\":\"Cursa de Bombers\",\"url\":\"https:\/\/cursadebombers.barcelona\/\",\"logo\":{\"@type\":\"ImageObject\",\"inLanguage\":\"es\",\"@id\":\"https:\/\/cursadebombers.barcelona\/#\/schema\/logo\/image\/\",\"url\":\"https:\/\/cursadebombers.barcelona\/wp-content\/uploads\/2025\/06\/logo-cursa-bombers-app.png\",\"contentUrl\":\"https:\/\/cursadebombers.barcelona\/wp-content\/uploads\/2025\/06\/logo-cursa-bombers-app.png\",\"width\":512,\"height\":512,\"caption\":\"Cursa de Bombers\"},\"image\":{\"@id\":\"https:\/\/cursadebombers.barcelona\/#\/schema\/logo\/image\/\"},\"sameAs\":[\"https:\/\/www.facebook.com\/CursadeBombers\/\",\"https:\/\/x.com\/cursadebombers\",\"https:\/\/www.instagram.com\/cursadebombers\/\"]}]}<\/script>\n<!-- \/ Yoast SEO plugin. -->","yoast_head_json":{"title":"\u00bfQuieres ser una liebre de la Cursa Bombers 2019? - Cursa de Bombers","robots":{"index":"index","follow":"follow","max-snippet":"max-snippet:-1","max-image-preview":"max-image-preview:large","max-video-preview":"max-video-preview:-1"},"canonical":"https:\/\/cursadebombers.barcelona\/es\/quieres-liebre-cursa-bombers-2019\/","og_locale":"es_ES","og_type":"article","og_title":"\u00bfQuieres ser una liebre de la Cursa Bombers 2019? - Cursa de Bombers","og_description":"\u00daLTIMES NOT\u00cdCIES LA CURSA Celebrem 20 anys de la runnerINN Cursa Bombers de Barcelona El 2018 tindrem una edici\u00f3 de la runnerINN\u00a0Cursa Bombers de Barcelona molt especial: fem 20 anys! Des del 1999, any rere any, els bombers de Barcelona han celebrat una gran festa d\u2019esport acompanyats de milers de ciutadans recorrent els principals carrers [&hellip;]","og_url":"https:\/\/cursadebombers.barcelona\/es\/quieres-liebre-cursa-bombers-2019\/","og_site_name":"Cursa de Bombers","article_publisher":"https:\/\/www.facebook.com\/CursadeBombers\/","article_modified_time":"2019-10-21T08:05:16+00:00","twitter_card":"summary_large_image","twitter_site":"@cursadebombers","twitter_misc":{"Tiempo de lectura":"9 minutos"},"schema":{"@context":"https:\/\/schema.org","@graph":[{"@type":"WebPage","@id":"https:\/\/cursadebombers.barcelona\/es\/quieres-liebre-cursa-bombers-2019\/","url":"https:\/\/cursadebombers.barcelona\/es\/quieres-liebre-cursa-bombers-2019\/","name":"\u00bfQuieres ser una liebre de la Cursa Bombers 2019? - Cursa de Bombers","isPartOf":{"@id":"https:\/\/cursadebombers.barcelona\/#website"},"datePublished":"2018-03-07T16:02:37+00:00","dateModified":"2019-10-21T08:05:16+00:00","breadcrumb":{"@id":"https:\/\/cursadebombers.barcelona\/es\/quieres-liebre-cursa-bombers-2019\/#breadcrumb"},"inLanguage":"es","potentialAction":[{"@type":"ReadAction","target":["https:\/\/cursadebombers.barcelona\/es\/quieres-liebre-cursa-bombers-2019\/"]}]},{"@type":"BreadcrumbList","@id":"https:\/\/cursadebombers.barcelona\/es\/quieres-liebre-cursa-bombers-2019\/#breadcrumb","itemListElement":[{"@type":"ListItem","position":1,"name":"Inici","item":"https:\/\/cursadebombers.barcelona\/"},{"@type":"ListItem","position":2,"name":"\u00bfQuieres ser una liebre de la Cursa Bombers 2019?"}]},{"@type":"WebSite","@id":"https:\/\/cursadebombers.barcelona\/#website","url":"https:\/\/cursadebombers.barcelona\/","name":"Cursa de Bombers","description":"La Cursa dels Bombers de Barcelona.","publisher":{"@id":"https:\/\/cursadebombers.barcelona\/#organization"},"potentialAction":[{"@type":"SearchAction","target":{"@type":"EntryPoint","urlTemplate":"https:\/\/cursadebombers.barcelona\/?s={search_term_string}"},"query-input":{"@type":"PropertyValueSpecification","valueRequired":true,"valueName":"search_term_string"}}],"inLanguage":"es"},{"@type":"Organization","@id":"https:\/\/cursadebombers.barcelona\/#organization","name":"Cursa de Bombers","url":"https:\/\/cursadebombers.barcelona\/","logo":{"@type":"ImageObject","inLanguage":"es","@id":"https:\/\/cursadebombers.barcelona\/#\/schema\/logo\/image\/","url":"https:\/\/cursadebombers.barcelona\/wp-content\/uploads\/2025\/06\/logo-cursa-bombers-app.png","contentUrl":"https:\/\/cursadebombers.barcelona\/wp-content\/uploads\/2025\/06\/logo-cursa-bombers-app.png","width":512,"height":512,"caption":"Cursa de Bombers"},"image":{"@id":"https:\/\/cursadebombers.barcelona\/#\/schema\/logo\/image\/"},"sameAs":["https:\/\/www.facebook.com\/CursadeBombers\/","https:\/\/x.com\/cursadebombers","https:\/\/www.instagram.com\/cursadebombers\/"]}]}},"_links":{"self":[{"href":"https:\/\/cursadebombers.barcelona\/es\/wp-json\/wp\/v2\/pages\/1799","targetHints":{"allow":["GET"]}}],"collection":[{"href":"https:\/\/cursadebombers.barcelona\/es\/wp-json\/wp\/v2\/pages"}],"about":[{"href":"https:\/\/cursadebombers.barcelona\/es\/wp-json\/wp\/v2\/types\/page"}],"author":[{"embeddable":true,"href":"https:\/\/cursadebombers.barcelona\/es\/wp-json\/wp\/v2\/users\/1"}],"replies":[{"embeddable":true,"href":"https:\/\/cursadebombers.barcelona\/es\/wp-json\/wp\/v2\/comments?post=1799"}],"version-history":[{"count":5,"href":"https:\/\/cursadebombers.barcelona\/es\/wp-json\/wp\/v2\/pages\/1799\/revisions"}],"predecessor-version":[{"id":3458,"href":"https:\/\/cursadebombers.barcelona\/es\/wp-json\/wp\/v2\/pages\/1799\/revisions\/3458"}],"wp:attachment":[{"href":"https:\/\/cursadebombers.barcelona\/es\/wp-json\/wp\/v2\/media?parent=1799"}],"curies":[{"name":"wp","href":"https:\/\/api.w.org\/{rel}","templated":true}]}}