{"id":10871,"date":"2024-04-08T16:06:08","date_gmt":"2024-04-08T16:06:08","guid":{"rendered":"https:\/\/cursadebombers.barcelona\/la-cursa\/anteriores-ediciones\/"},"modified":"2026-01-12T16:33:20","modified_gmt":"2026-01-12T16:33:20","slug":"anteriores-ediciones","status":"publish","type":"page","link":"https:\/\/cursadebombers.barcelona\/es\/la-cursa\/anteriores-ediciones\/","title":{"rendered":"Anteriores ediciones"},"content":{"rendered":"<p>[et_pb_section fb_built=\u00bb1&#8243; fullwidth=\u00bbon\u00bb _builder_version=\u00bb4.23.1&#8243; background_color=\u00bb#ffffff\u00bb background_image=\u00bbhttps:\/\/cursadebombers.barcelona\/wp-content\/uploads\/2024\/04\/FONDO_1712x250px.jpg\u00bb global_colors_info=\u00bb{}\u00bb][et_pb_fullwidth_header title=\u00bbANTERIORES EDICIONES\u00bb text_orientation=\u00bbcenter\u00bb background_overlay_color=\u00bbRGBA(0,0,0,0)\u00bb _builder_version=\u00bb4.16&#8243; background_color=\u00bbrgba(255, 255, 255, 0)\u00bb background_url=\u00bbhttps:\/\/cursadebombers.barcelona\/wp-content\/uploads\/2016\/07\/header-pagines.jpg\u00bb button_one_letter_spacing_hover=\u00bb0&#8243; button_two_letter_spacing_hover=\u00bb0&#8243; global_colors_info=\u00bb{}\u00bb button_one_text_size__hover_enabled=\u00bboff\u00bb button_one_text_size__hover=\u00bbnull\u00bb button_two_text_size__hover_enabled=\u00bboff\u00bb button_two_text_size__hover=\u00bbnull\u00bb button_one_text_color__hover_enabled=\u00bboff\u00bb button_one_text_color__hover=\u00bbnull\u00bb button_two_text_color__hover_enabled=\u00bboff\u00bb button_two_text_color__hover=\u00bbnull\u00bb button_one_border_width__hover_enabled=\u00bboff\u00bb button_one_border_width__hover=\u00bbnull\u00bb button_two_border_width__hover_enabled=\u00bboff\u00bb button_two_border_width__hover=\u00bbnull\u00bb button_one_border_color__hover_enabled=\u00bboff\u00bb button_one_border_color__hover=\u00bbnull\u00bb button_two_border_color__hover_enabled=\u00bboff\u00bb button_two_border_color__hover=\u00bbnull\u00bb button_one_border_radius__hover_enabled=\u00bboff\u00bb button_one_border_radius__hover=\u00bbnull\u00bb button_two_border_radius__hover_enabled=\u00bboff\u00bb button_two_border_radius__hover=\u00bbnull\u00bb button_one_letter_spacing__hover_enabled=\u00bbon\u00bb button_one_letter_spacing__hover=\u00bb0&#8243; button_two_letter_spacing__hover_enabled=\u00bbon\u00bb button_two_letter_spacing__hover=\u00bb0&#8243; button_one_bg_color__hover_enabled=\u00bboff\u00bb button_one_bg_color__hover=\u00bbnull\u00bb button_two_bg_color__hover_enabled=\u00bboff\u00bb button_two_bg_color__hover=\u00bbnull\u00bb][\/et_pb_fullwidth_header][\/et_pb_section][et_pb_section fb_built=\u00bb1&#8243; custom_padding_last_edited=\u00bbon|desktop\u00bb _builder_version=\u00bb4.16&#8243; background_color=\u00bb#ffffff\u00bb custom_padding=\u00bb5px||5px|\u00bb custom_padding_tablet=\u00bb50px|0|50px|0&#8243; custom_padding_phone=\u00bb\u00bb transparent_background=\u00bboff\u00bb padding_mobile=\u00bboff\u00bb make_fullwidth=\u00bboff\u00bb use_custom_width=\u00bboff\u00bb width_unit=\u00bbon\u00bb global_colors_info=\u00bb{}\u00bb][et_pb_row _builder_version=\u00bb4.16&#8243; background_size=\u00bbinitial\u00bb background_position=\u00bbtop_left\u00bb background_repeat=\u00bbrepeat\u00bb global_colors_info=\u00bb{}\u00bb][et_pb_column type=\u00bb4_4&#8243; _builder_version=\u00bb4.16&#8243; custom_padding=\u00bb|||\u00bb global_colors_info=\u00bb{}\u00bb custom_padding__hover=\u00bb|||\u00bb][et_pb_text _builder_version=\u00bb4.27.4&#8243; background_size=\u00bbinitial\u00bb background_position=\u00bbtop_left\u00bb background_repeat=\u00bbrepeat\u00bb hover_enabled=\u00bb0&#8243; use_border_color=\u00bboff\u00bb border_color=\u00bb#ffffff\u00bb border_style=\u00bbsolid\u00bb global_colors_info=\u00bb{}\u00bb sticky_enabled=\u00bb0&#8243;]<\/p>\n<p style=\"text-align: center;\"><strong>Aqu\u00ed podr\u00e9is encontrar informaci\u00f3n de las ediciones anteriores de la Vueling Cursa Bombers Barcelona<\/strong><\/p>\n<p>[\/et_pb_text][\/et_pb_column][\/et_pb_row][et_pb_row column_structure=\u00bb1_2,1_2&#8243; _builder_version=\u00bb4.27.4&#8243; _module_preset=\u00bbdefault\u00bb global_colors_info=\u00bb{}\u00bb][et_pb_column type=\u00bb1_2&#8243; _builder_version=\u00bb4.27.4&#8243; _module_preset=\u00bbdefault\u00bb global_colors_info=\u00bb{}\u00bb][et_pb_text admin_label=\u00bbText 2022&#8243; _builder_version=\u00bb4.27.4&#8243; _module_preset=\u00bbdefault\u00bb global_colors_info=\u00bb{}\u00bb]<\/p>\n<h4 style=\"text-align: center;\"><span style=\"color: #000000;\"><strong>2025: 9 novembre<\/strong><\/span><\/h4>\n<h4 style=\"text-align: center;\"><span style=\"color: #ff0000;\"><a style=\"color: #ff0000;\" href=\"https:\/\/flic.kr\/s\/aHBqjCAaJ7\" target=\"_blank\" rel=\"noopener\">Fotograf\u00edas<\/a><\/span><\/h4>\n<p>[\/et_pb_text][et_pb_image src=\u00bbhttps:\/\/cursadebombers.barcelona\/wp-content\/uploads\/2025\/11\/54913913996_ba17b1805d_o-scaled.jpg\u00bb title_text=\u00bb54913913996_ba17b1805d_o\u00bb admin_label=\u00bbImage 2022&#8243; _builder_version=\u00bb4.27.4&#8243; _module_preset=\u00bbdefault\u00bb global_colors_info=\u00bb{}\u00bb][\/et_pb_image][\/et_pb_column][et_pb_column type=\u00bb1_2&#8243; _builder_version=\u00bb4.27.4&#8243; _module_preset=\u00bbdefault\u00bb global_colors_info=\u00bb{}\u00bb][et_pb_text admin_label=\u00bbText 2022&#8243; _builder_version=\u00bb4.27.4&#8243; _module_preset=\u00bbdefault\u00bb global_colors_info=\u00bb{}\u00bb]<\/p>\n<h4 style=\"text-align: center;\"><span style=\"color: #000000;\"><strong>2024: 10 novembre<\/strong><\/span><\/h4>\n<h4 style=\"text-align: center;\"><span style=\"color: #ff0000;\"><a style=\"color: #ff0000;\" href=\"https:\/\/flic.kr\/s\/aHBqjBRqd2\" target=\"_blank\" rel=\"noopener\">Fotograf\u00edas<\/a><\/span><\/h4>\n<p>[\/et_pb_text][et_pb_image src=\u00bbhttps:\/\/cursadebombers.barcelona\/wp-content\/uploads\/2025\/02\/sortida-cursa-bombers-2024.jpg\u00bb title_text=\u00bbsortida cursa bombers 2024&#8243; admin_label=\u00bbImage 2022&#8243; _builder_version=\u00bb4.27.0&#8243; _module_preset=\u00bbdefault\u00bb global_colors_info=\u00bb{}\u00bb][\/et_pb_image][\/et_pb_column][\/et_pb_row][et_pb_row column_structure=\u00bb1_2,1_2&#8243; _builder_version=\u00bb4.23.1&#8243; background_size=\u00bbinitial\u00bb background_position=\u00bbtop_left\u00bb background_repeat=\u00bbrepeat\u00bb global_colors_info=\u00bb{}\u00bb][et_pb_column type=\u00bb1_2&#8243; _builder_version=\u00bb4.16&#8243; custom_padding=\u00bb|||\u00bb global_colors_info=\u00bb{}\u00bb custom_padding__hover=\u00bb|||\u00bb][et_pb_text admin_label=\u00bbText 2021&#8243; _builder_version=\u00bb4.27.4&#8243; background_size=\u00bbinitial\u00bb background_position=\u00bbtop_left\u00bb background_repeat=\u00bbrepeat\u00bb use_border_color=\u00bboff\u00bb global_colors_info=\u00bb{}\u00bb]<\/p>\n<h4 style=\"text-align: center;\"><strong>2023: 22 octubre<\/strong><\/h4>\n<h4 style=\"text-align: center;\"><span style=\"color: #ff0000;\"><a style=\"color: #ff0000;\" href=\"https:\/\/www.flickr.com\/photos\/144624915@N06\/albums\/72177720312133756\" target=\"_blank\" rel=\"noopener\">Fotograf\u00edas<\/a><\/span><\/h4>\n<h4 style=\"text-align: center;\"><\/h4>\n<p>[\/et_pb_text][et_pb_image src=\u00bbhttps:\/\/cursadebombers.barcelona\/wp-content\/uploads\/2024\/06\/53279490093_98edd93fd0_k.jpg\u00bb alt=\u00bbcursa bombers descompte\u00bb title_text=\u00bb53279490093_98edd93fd0_k\u00bb align_tablet=\u00bbcenter\u00bb align_phone=\u00bb\u00bb align_last_edited=\u00bbon|desktop\u00bb admin_label=\u00bbImage 2021&#8243; _builder_version=\u00bb4.27.0&#8243; global_colors_info=\u00bb{}\u00bb][\/et_pb_image][et_pb_text admin_label=\u00bbText 2021&#8243; _builder_version=\u00bb4.27.4&#8243; background_size=\u00bbinitial\u00bb background_position=\u00bbtop_left\u00bb background_repeat=\u00bbrepeat\u00bb use_border_color=\u00bboff\u00bb global_colors_info=\u00bb{}\u00bb]<\/p>\n<h4 style=\"text-align: center;\"><span style=\"color: #000000;\"><strong>2021: 24 octubre<\/strong><\/span><\/h4>\n<h4 style=\"text-align: center;\"><span style=\"color: #ff0000;\"><a style=\"color: #ff0000;\" href=\"https:\/\/www.flickr.com\/photos\/144624915@N06\/albums\/72157720068377169\" target=\"_blank\" rel=\"noopener\">Fotograf\u00edas<\/a><\/span><\/h4>\n<p>[\/et_pb_text][et_pb_image src=\u00bbhttps:\/\/cursadebombers.barcelona\/wp-content\/uploads\/2022\/04\/207_JL16171-1.jpg\u00bb alt=\u00bbCursa Bombers\u00bb title_text=\u00bbSalida Cursa 2021&#8243; align_tablet=\u00bbcenter\u00bb align_phone=\u00bb\u00bb align_last_edited=\u00bbon|desktop\u00bb admin_label=\u00bbImage 2021&#8243; _builder_version=\u00bb4.23.1&#8243; global_colors_info=\u00bb{}\u00bb][\/et_pb_image][et_pb_text admin_label=\u00bbText 2018&#8243; _builder_version=\u00bb4.27.4&#8243; background_size=\u00bbinitial\u00bb background_position=\u00bbtop_left\u00bb background_repeat=\u00bbrepeat\u00bb use_border_color=\u00bboff\u00bb global_colors_info=\u00bb{}\u00bb]<\/p>\n<h4 style=\"text-align: center;\"><span style=\"color: #000000;\"><strong>2018: 22 de abril<\/strong><\/span><\/h4>\n<h4 style=\"text-align: center;\"><span style=\"color: #ff0000;\"><a style=\"color: #ff0000;\" href=\"https:\/\/www.flickr.com\/photos\/144624915@N06\/sets\/72157694196724161\" target=\"_blank\" rel=\"noopener\">Fotograf\u00edas<\/a><\/span><\/h4>\n<p>[\/et_pb_text][et_pb_image src=\u00bbhttps:\/\/cursadebombers.barcelona\/wp-content\/uploads\/2018\/04\/fotos-web-portada_sortida.jpg\u00bb align_tablet=\u00bbcenter\u00bb align_phone=\u00bb\u00bb align_last_edited=\u00bbon|desktop\u00bb admin_label=\u00bbImage 2018&#8243; _builder_version=\u00bb4.23.1&#8243; global_colors_info=\u00bb{}\u00bb][\/et_pb_image][\/et_pb_column][et_pb_column type=\u00bb1_2&#8243; _builder_version=\u00bb4.16&#8243; custom_padding=\u00bb|||\u00bb global_colors_info=\u00bb{}\u00bb custom_padding__hover=\u00bb|||\u00bb][et_pb_text admin_label=\u00bbText 2022&#8243; _builder_version=\u00bb4.27.4&#8243; _module_preset=\u00bbdefault\u00bb global_colors_info=\u00bb{}\u00bb]<\/p>\n<h4 style=\"text-align: center;\"><span style=\"color: #000000;\"><strong>2022: 23 octubre<\/strong><\/span><\/h4>\n<h4 style=\"text-align: center;\"><span style=\"color: #ff0000;\"><a style=\"color: #ff0000;\" href=\"https:\/\/www.flickr.com\/photos\/144624915@N06\/albums\/72177720303120720\" target=\"_blank\" rel=\"noopener\">Fotograf\u00edas<\/a><\/span><\/h4>\n<p>[\/et_pb_text][et_pb_image src=\u00bbhttps:\/\/cursadebombers.barcelona\/wp-content\/uploads\/2023\/04\/52450510209_7692eac771_k.jpg\u00bb title_text=\u00bb52450510209_7692eac771_k\u00bb admin_label=\u00bbImage 2022&#8243; _builder_version=\u00bb4.23.1&#8243; _module_preset=\u00bbdefault\u00bb global_colors_info=\u00bb{}\u00bb][\/et_pb_image][et_pb_text admin_label=\u00bbText 2019&#8243; _builder_version=\u00bb4.27.4&#8243; background_size=\u00bbinitial\u00bb background_position=\u00bbtop_left\u00bb background_repeat=\u00bbrepeat\u00bb use_border_color=\u00bboff\u00bb global_colors_info=\u00bb{}\u00bb]<\/p>\n<h4 style=\"text-align: center;\"><span style=\"color: #000000;\"><strong>2019: 1 diciembre<\/strong><\/span><\/h4>\n<h4 style=\"text-align: center;\"><span style=\"color: #ff0000;\"><a style=\"color: #ff0000;\" href=\"https:\/\/www.flickr.com\/photos\/144624915@N06\/albums\/72157712033232008\" target=\"_blank\" rel=\"noopener\">Fotograf\u00edas<\/a><\/span><\/h4>\n<p>[\/et_pb_text][et_pb_image src=\u00bbhttps:\/\/cursadebombers.barcelona\/wp-content\/uploads\/2020\/03\/sortida-general.jpg\u00bb align_tablet=\u00bbcenter\u00bb align_phone=\u00bb\u00bb align_last_edited=\u00bbon|desktop\u00bb admin_label=\u00bbImage 2019&#8243; _builder_version=\u00bb4.23.1&#8243; global_colors_info=\u00bb{}\u00bb][\/et_pb_image][et_pb_text admin_label=\u00bbText 2017&#8243; _builder_version=\u00bb4.27.4&#8243; background_size=\u00bbinitial\u00bb background_position=\u00bbtop_left\u00bb background_repeat=\u00bbrepeat\u00bb use_border_color=\u00bboff\u00bb global_colors_info=\u00bb{}\u00bb]<\/p>\n<h4 style=\"text-align: center;\"><span style=\"color: #000000;\"> <strong>2017: 7 mayo<\/strong><\/span><\/h4>\n<h4 style=\"text-align: center;\"><span style=\"color: #ff0000;\"><a style=\"color: #ff0000;\" href=\"https:\/\/www.flickr.com\/photos\/144624915@N06\/albums\/72157681683644490\/page1\" target=\"_blank\" rel=\"noopener\">Fotograf\u00edas<\/a><\/span><\/h4>\n<p>[\/et_pb_text][et_pb_image src=\u00bbhttps:\/\/cursadebombers.barcelona\/wp-content\/uploads\/2016\/07\/34148371380_b500dc32c5_o-1-e1543915672178.jpg\u00bb align_tablet=\u00bbcenter\u00bb align_phone=\u00bb\u00bb align_last_edited=\u00bbon|desktop\u00bb admin_label=\u00bbImage 2017&#8243; _builder_version=\u00bb4.23.1&#8243; global_colors_info=\u00bb{}\u00bb][\/et_pb_image][\/et_pb_column][\/et_pb_row][et_pb_row column_structure=\u00bb1_2,1_2&#8243; _builder_version=\u00bb4.27.4&#8243; _module_preset=\u00bbdefault\u00bb global_colors_info=\u00bb{}\u00bb][et_pb_column type=\u00bb1_2&#8243; _builder_version=\u00bb4.27.4&#8243; _module_preset=\u00bbdefault\u00bb global_colors_info=\u00bb{}\u00bb][et_pb_text admin_label=\u00bbText 2016&#8243; _builder_version=\u00bb4.27.4&#8243; background_size=\u00bbinitial\u00bb background_position=\u00bbtop_left\u00bb background_repeat=\u00bbrepeat\u00bb use_border_color=\u00bboff\u00bb border_color=\u00bb#ffffff\u00bb border_style=\u00bbsolid\u00bb global_colors_info=\u00bb{}\u00bb]<\/p>\n<h4 style=\"text-align: center;\"><span style=\"color: #000000;\"><strong>2016: 30 octubre<\/strong><\/span><\/h4>\n<h4 style=\"text-align: center;\"><span style=\"color: #ff0000;\"><a style=\"color: #ff0000;\" href=\"https:\/\/www.flickr.com\/gp\/144624915@N06\/u862Xg\" target=\"_blank\" rel=\"noopener\">Fotograf\u00edas<\/a><\/span><\/h4>\n<p>[\/et_pb_text][et_pb_image src=\u00bbhttps:\/\/cursadebombers.barcelona\/wp-content\/uploads\/2016\/07\/sortida-general.jpg\u00bb align_tablet=\u00bbcenter\u00bb align_phone=\u00bb\u00bb align_last_edited=\u00bbon|desktop\u00bb admin_label=\u00bbImage 2016&#8243; _builder_version=\u00bb4.23.1&#8243; global_colors_info=\u00bb{}\u00bb][\/et_pb_image][\/et_pb_column][et_pb_column type=\u00bb1_2&#8243; _builder_version=\u00bb4.27.4&#8243; _module_preset=\u00bbdefault\u00bb global_colors_info=\u00bb{}\u00bb][\/et_pb_column][\/et_pb_row][\/et_pb_section]<\/p>\n","protected":false},"excerpt":{"rendered":"<p>Aqu\u00ed podr\u00e9is encontrar informaci\u00f3n de las ediciones anteriores de la Vueling Cursa Bombers Barcelona2025: 9 novembre Fotograf\u00edas2024: 10 novembre Fotograf\u00edas2023: 22 octubre Fotograf\u00edas 2021: 24 octubre Fotograf\u00edas2018: 22 de abril Fotograf\u00edas2022: 23 octubre Fotograf\u00edas2019: 1 diciembre Fotograf\u00edas 2017: 7 mayo Fotograf\u00edas2016: 30 octubre Fotograf\u00edas<\/p>\n","protected":false},"author":1,"featured_media":0,"parent":507,"menu_order":0,"comment_status":"closed","ping_status":"closed","template":"","meta":{"_et_pb_use_builder":"on","_et_pb_old_content":"","_et_gb_content_width":"","footnotes":""},"class_list":["post-10871","page","type-page","status-publish","hentry"],"yoast_head":"<!-- This site is optimized with the Yoast SEO plugin v27.2 - https:\/\/yoast.com\/product\/yoast-seo-wordpress\/ -->\n<title>Informaci\u00f3n sobre las anteriores ediciones de la Vueling Cursa Bombers de Barcelona<\/title>\n<meta name=\"description\" content=\"Consulta las fotograf\u00edas de las anteriores ediciones de la Vueling Cursa Bombers de Barcelona (2016, 2017, 2018, 2019, 2021, 2022).\" \/>\n<meta name=\"robots\" content=\"index, follow, max-snippet:-1, max-image-preview:large, max-video-preview:-1\" \/>\n<link rel=\"canonical\" href=\"https:\/\/cursadebombers.barcelona\/es\/la-cursa\/anteriores-ediciones\/\" \/>\n<meta property=\"og:locale\" content=\"es_ES\" \/>\n<meta property=\"og:type\" content=\"article\" \/>\n<meta property=\"og:title\" content=\"Informaci\u00f3n sobre las anteriores ediciones de la Vueling Cursa Bombers de Barcelona\" \/>\n<meta property=\"og:description\" content=\"Consulta las fotograf\u00edas de las anteriores ediciones de la Vueling Cursa Bombers de Barcelona (2016, 2017, 2018, 2019, 2021, 2022).\" \/>\n<meta property=\"og:url\" content=\"https:\/\/cursadebombers.barcelona\/es\/la-cursa\/anteriores-ediciones\/\" \/>\n<meta property=\"og:site_name\" content=\"Cursa de Bombers\" \/>\n<meta property=\"article:publisher\" content=\"https:\/\/www.facebook.com\/CursadeBombers\/\" \/>\n<meta property=\"article:modified_time\" content=\"2026-01-12T16:33:20+00:00\" \/>\n<meta name=\"twitter:card\" content=\"summary_large_image\" \/>\n<meta name=\"twitter:site\" content=\"@cursadebombers\" \/>\n<meta name=\"twitter:label1\" content=\"Tiempo de lectura\" \/>\n\t<meta name=\"twitter:data1\" content=\"6 minutos\" \/>\n<script type=\"application\/ld+json\" class=\"yoast-schema-graph\">{\"@context\":\"https:\/\/schema.org\",\"@graph\":[{\"@type\":\"WebPage\",\"@id\":\"https:\/\/cursadebombers.barcelona\/es\/la-cursa\/anteriores-ediciones\/\",\"url\":\"https:\/\/cursadebombers.barcelona\/es\/la-cursa\/anteriores-ediciones\/\",\"name\":\"Informaci\u00f3n sobre las anteriores ediciones de la Vueling Cursa Bombers de Barcelona\",\"isPartOf\":{\"@id\":\"https:\/\/cursadebombers.barcelona\/#website\"},\"datePublished\":\"2024-04-08T16:06:08+00:00\",\"dateModified\":\"2026-01-12T16:33:20+00:00\",\"description\":\"Consulta las fotograf\u00edas de las anteriores ediciones de la Vueling Cursa Bombers de Barcelona (2016, 2017, 2018, 2019, 2021, 2022).\",\"breadcrumb\":{\"@id\":\"https:\/\/cursadebombers.barcelona\/es\/la-cursa\/anteriores-ediciones\/#breadcrumb\"},\"inLanguage\":\"es\",\"potentialAction\":[{\"@type\":\"ReadAction\",\"target\":[\"https:\/\/cursadebombers.barcelona\/es\/la-cursa\/anteriores-ediciones\/\"]}]},{\"@type\":\"BreadcrumbList\",\"@id\":\"https:\/\/cursadebombers.barcelona\/es\/la-cursa\/anteriores-ediciones\/#breadcrumb\",\"itemListElement\":[{\"@type\":\"ListItem\",\"position\":1,\"name\":\"Inici\",\"item\":\"https:\/\/cursadebombers.barcelona\/\"},{\"@type\":\"ListItem\",\"position\":2,\"name\":\"La Cursa\",\"item\":\"https:\/\/cursadebombers.barcelona\/es\/la-cursa\/\"},{\"@type\":\"ListItem\",\"position\":3,\"name\":\"Anteriores ediciones\"}]},{\"@type\":\"WebSite\",\"@id\":\"https:\/\/cursadebombers.barcelona\/#website\",\"url\":\"https:\/\/cursadebombers.barcelona\/\",\"name\":\"Cursa de Bombers\",\"description\":\"La Cursa dels Bombers de Barcelona.\",\"publisher\":{\"@id\":\"https:\/\/cursadebombers.barcelona\/#organization\"},\"potentialAction\":[{\"@type\":\"SearchAction\",\"target\":{\"@type\":\"EntryPoint\",\"urlTemplate\":\"https:\/\/cursadebombers.barcelona\/?s={search_term_string}\"},\"query-input\":{\"@type\":\"PropertyValueSpecification\",\"valueRequired\":true,\"valueName\":\"search_term_string\"}}],\"inLanguage\":\"es\"},{\"@type\":\"Organization\",\"@id\":\"https:\/\/cursadebombers.barcelona\/#organization\",\"name\":\"Cursa de Bombers\",\"url\":\"https:\/\/cursadebombers.barcelona\/\",\"logo\":{\"@type\":\"ImageObject\",\"inLanguage\":\"es\",\"@id\":\"https:\/\/cursadebombers.barcelona\/#\/schema\/logo\/image\/\",\"url\":\"https:\/\/cursadebombers.barcelona\/wp-content\/uploads\/2025\/06\/logo-cursa-bombers-app.png\",\"contentUrl\":\"https:\/\/cursadebombers.barcelona\/wp-content\/uploads\/2025\/06\/logo-cursa-bombers-app.png\",\"width\":512,\"height\":512,\"caption\":\"Cursa de Bombers\"},\"image\":{\"@id\":\"https:\/\/cursadebombers.barcelona\/#\/schema\/logo\/image\/\"},\"sameAs\":[\"https:\/\/www.facebook.com\/CursadeBombers\/\",\"https:\/\/x.com\/cursadebombers\",\"https:\/\/www.instagram.com\/cursadebombers\/\"]}]}<\/script>\n<!-- \/ Yoast SEO plugin. -->","yoast_head_json":{"title":"Informaci\u00f3n sobre las anteriores ediciones de la Vueling Cursa Bombers de Barcelona","description":"Consulta las fotograf\u00edas de las anteriores ediciones de la Vueling Cursa Bombers de Barcelona (2016, 2017, 2018, 2019, 2021, 2022).","robots":{"index":"index","follow":"follow","max-snippet":"max-snippet:-1","max-image-preview":"max-image-preview:large","max-video-preview":"max-video-preview:-1"},"canonical":"https:\/\/cursadebombers.barcelona\/es\/la-cursa\/anteriores-ediciones\/","og_locale":"es_ES","og_type":"article","og_title":"Informaci\u00f3n sobre las anteriores ediciones de la Vueling Cursa Bombers de Barcelona","og_description":"Consulta las fotograf\u00edas de las anteriores ediciones de la Vueling Cursa Bombers de Barcelona (2016, 2017, 2018, 2019, 2021, 2022).","og_url":"https:\/\/cursadebombers.barcelona\/es\/la-cursa\/anteriores-ediciones\/","og_site_name":"Cursa de Bombers","article_publisher":"https:\/\/www.facebook.com\/CursadeBombers\/","article_modified_time":"2026-01-12T16:33:20+00:00","twitter_card":"summary_large_image","twitter_site":"@cursadebombers","twitter_misc":{"Tiempo de lectura":"6 minutos"},"schema":{"@context":"https:\/\/schema.org","@graph":[{"@type":"WebPage","@id":"https:\/\/cursadebombers.barcelona\/es\/la-cursa\/anteriores-ediciones\/","url":"https:\/\/cursadebombers.barcelona\/es\/la-cursa\/anteriores-ediciones\/","name":"Informaci\u00f3n sobre las anteriores ediciones de la Vueling Cursa Bombers de Barcelona","isPartOf":{"@id":"https:\/\/cursadebombers.barcelona\/#website"},"datePublished":"2024-04-08T16:06:08+00:00","dateModified":"2026-01-12T16:33:20+00:00","description":"Consulta las fotograf\u00edas de las anteriores ediciones de la Vueling Cursa Bombers de Barcelona (2016, 2017, 2018, 2019, 2021, 2022).","breadcrumb":{"@id":"https:\/\/cursadebombers.barcelona\/es\/la-cursa\/anteriores-ediciones\/#breadcrumb"},"inLanguage":"es","potentialAction":[{"@type":"ReadAction","target":["https:\/\/cursadebombers.barcelona\/es\/la-cursa\/anteriores-ediciones\/"]}]},{"@type":"BreadcrumbList","@id":"https:\/\/cursadebombers.barcelona\/es\/la-cursa\/anteriores-ediciones\/#breadcrumb","itemListElement":[{"@type":"ListItem","position":1,"name":"Inici","item":"https:\/\/cursadebombers.barcelona\/"},{"@type":"ListItem","position":2,"name":"La Cursa","item":"https:\/\/cursadebombers.barcelona\/es\/la-cursa\/"},{"@type":"ListItem","position":3,"name":"Anteriores ediciones"}]},{"@type":"WebSite","@id":"https:\/\/cursadebombers.barcelona\/#website","url":"https:\/\/cursadebombers.barcelona\/","name":"Cursa de Bombers","description":"La Cursa dels Bombers de Barcelona.","publisher":{"@id":"https:\/\/cursadebombers.barcelona\/#organization"},"potentialAction":[{"@type":"SearchAction","target":{"@type":"EntryPoint","urlTemplate":"https:\/\/cursadebombers.barcelona\/?s={search_term_string}"},"query-input":{"@type":"PropertyValueSpecification","valueRequired":true,"valueName":"search_term_string"}}],"inLanguage":"es"},{"@type":"Organization","@id":"https:\/\/cursadebombers.barcelona\/#organization","name":"Cursa de Bombers","url":"https:\/\/cursadebombers.barcelona\/","logo":{"@type":"ImageObject","inLanguage":"es","@id":"https:\/\/cursadebombers.barcelona\/#\/schema\/logo\/image\/","url":"https:\/\/cursadebombers.barcelona\/wp-content\/uploads\/2025\/06\/logo-cursa-bombers-app.png","contentUrl":"https:\/\/cursadebombers.barcelona\/wp-content\/uploads\/2025\/06\/logo-cursa-bombers-app.png","width":512,"height":512,"caption":"Cursa de Bombers"},"image":{"@id":"https:\/\/cursadebombers.barcelona\/#\/schema\/logo\/image\/"},"sameAs":["https:\/\/www.facebook.com\/CursadeBombers\/","https:\/\/x.com\/cursadebombers","https:\/\/www.instagram.com\/cursadebombers\/"]}]}},"_links":{"self":[{"href":"https:\/\/cursadebombers.barcelona\/es\/wp-json\/wp\/v2\/pages\/10871","targetHints":{"allow":["GET"]}}],"collection":[{"href":"https:\/\/cursadebombers.barcelona\/es\/wp-json\/wp\/v2\/pages"}],"about":[{"href":"https:\/\/cursadebombers.barcelona\/es\/wp-json\/wp\/v2\/types\/page"}],"author":[{"embeddable":true,"href":"https:\/\/cursadebombers.barcelona\/es\/wp-json\/wp\/v2\/users\/1"}],"replies":[{"embeddable":true,"href":"https:\/\/cursadebombers.barcelona\/es\/wp-json\/wp\/v2\/comments?post=10871"}],"version-history":[{"count":5,"href":"https:\/\/cursadebombers.barcelona\/es\/wp-json\/wp\/v2\/pages\/10871\/revisions"}],"predecessor-version":[{"id":16198,"href":"https:\/\/cursadebombers.barcelona\/es\/wp-json\/wp\/v2\/pages\/10871\/revisions\/16198"}],"up":[{"embeddable":true,"href":"https:\/\/cursadebombers.barcelona\/es\/wp-json\/wp\/v2\/pages\/507"}],"wp:attachment":[{"href":"https:\/\/cursadebombers.barcelona\/es\/wp-json\/wp\/v2\/media?parent=10871"}],"curies":[{"name":"wp","href":"https:\/\/api.w.org\/{rel}","templated":true}]}}